{"id":39,"date":"2018-04-08T11:28:40","date_gmt":"2018-04-08T09:28:40","guid":{"rendered":"http:\/\/www.ungarndeutsche.de\/wp\/hu\/?page_id=39"},"modified":"2018-04-17T19:52:23","modified_gmt":"2018-04-17T17:52:23","slug":"eretkutatas-falvankent-u-tol-z-ig","status":"publish","type":"page","link":"http:\/\/www.ungarndeutsche.de\/wp\/hu\/eredetkutatas\/eretkutatas-falvankent-u-tol-z-ig\/","title":{"rendered":"Eretkutat\u00e1s falvank\u00e9nt U-t\u00f3l Z-ig"},"content":{"rendered":"<h3>&nbsp;<\/h3>\n<table style=\"font-weight: 400;\" width=\"99%\">\n<tbody>\n<tr>\n<td width=\"99%\"><strong>\u00dajharty\u00e1n\/Neuhartian<\/strong>, Hartian, Pest megye\/Komitat Pesth,&nbsp;<a href=\"http:\/\/www.ungarndeutsche.de\/wp\/hu\/wp-content\/uploads\/sites\/2\/2018\/04\/Ujhartyan_Geschichte_u.doc\">Geschichte der Besiedlung von P\u00e9ter Scheiling<\/a>&nbsp;(ungarisch)<\/td>\n<\/tr>\n<tr>\n<td width=\"99%\"><strong>V\u00e1rosl\u00f5d\/Waschludt<\/strong>, Veszpr\u00e9m megye\/Komitat Wesprim, Um ca. 1725 siedelte der Bischof von Wesprim als Feudalherr Franken aus dem Kurf\u00fcrstentum Mainz an. In Pille \u2013 das bis 1762 nach Waschludt eingemeindet wurde \u2013 hat man bayerische und b\u00f6hmische Glasmacher angesiedelt. Literatur: Deutsches Nationalit\u00e4ten Museum Waschludt, 37 S., 1988; Siehe auch den Artikel \u00fcber Waschludt!&nbsp;&nbsp;<\/p>\n<p>Dr. Michael Roth: V\u00e1rosl\u0151d kr\u00f3nik\u00e1ja 12.000 Ft<\/p>\n<p>Dr. Michael Roth: Das Familienbuch von V\u00e1rosl\u0151d im Bakony\/Buchenwald in Ungarn von Beginn bis Mitte 1896 Band I-II&nbsp;&nbsp;20.000 Ft<\/p>\n<p>Bestellung bei Dr. Michael Roth&nbsp;<a href=\"mailto:keramika@web.de\">keramika@web.de<\/a>&nbsp;<\/td>\n<\/tr>\n<tr>\n<td width=\"99%\"><strong>Vars\u00e1d\/Waschad,<\/strong>&nbsp;Tolna megye\/Komitat Tolnau:&nbsp;<a href=\"http:\/\/www.hrastovac.net\/historical\/Hesse-Immigrants-to-Varsad.htm\">hesseni bev\u00e1ndorl\u00f3k&nbsp;<\/a>Schmidt, Rosina k\u00f6zl\u00e9se, 2007.<\/td>\n<\/tr>\n<tr>\n<td width=\"99%\"><strong>Vask\u00fat\/Waschkut<\/strong><\/p>\n<p>: Literatur: Flach, Paul\/Paul, J.: Waschkut (Eisenbrunn) 1700-1875 (DB). M\u00fcnchen 1983; Reihe: Die Landsmannschaft der Deutschen aus Ungarn in Bayern e. V., Bd. 18; 736 S.; 319 Fam ST DB Leipzig (SA 16534 &#8211; 18);<\/p>\n<p>Stefan Rettig \u2013 Josef Skribanek \u2020 :&nbsp;&nbsp;Ortsfamilienbuch Vask\u00fat&nbsp;&nbsp;(Waschkut) Batschka \/ Ungarn 1772 \u2013 1947 2 B\u00e4nde<\/p>\n<p>Bestellung bei AKuFF 9.900 Ft + Versandkosten: kornelpencz@gmx.net<\/p>\n<p>In Deutschland durch AKdFF: 59 EUR (inkl. Versandkosten) :&nbsp;<a href=\"mailto:akdff@haus-donauschwaben.de\">akdff@haus-donauschwaben.de<\/a>&nbsp;<\/td>\n<\/tr>\n<tr>\n<td width=\"99%\"><strong>Vecs\u00e9s\/Wetschesch<\/strong>, Pest megye\/Komitat Pesth, Mitte 2004 wird das Ortsfamilienbuch von Vecs\u00e9s 1786-1895 erscheinen. Autoren sind Anton Wirth und Johannes Neumayer. Es wird 950 umfassen und 60,00 Euro kosten. Mehr:&nbsp;<a href=\"mailto:akdff-sindelfingen@t-online.de\">akdff-sindelfingen@t-online.de<\/a>&nbsp;.&nbsp;<\/td>\n<\/tr>\n<tr>\n<td width=\"99%\"><strong>Versend\/Vrsenda\/Werschend<\/strong>, Komitat Baranya; Lit.: Ferdinand Hengl: Deutsche Kolonisten&#8230; , Karlsruhe 1989, Die deutschen Familien seit 1722; In Hengls Buch steht folgendes \u00fcber die Herkunft der Werschender Ansiedler: &#8222;Die Ureinwohner sind Kroaten, die Deutschen wurden aus den Nachbard\u00f6rfern angesiedelt.&#8220; (Mitgeteilt von Ilona Amrein, 7\/2001)<\/td>\n<\/tr>\n<tr>\n<td width=\"99%\"><strong>V\u00e9rtesacsa\/Atscha<\/strong>, Fej\u00e9r megye\/Komitat Wei\u00dfenburg: Literatur: Stader, Stefan: Familienbuch der katholischen Pfarrgemeinde V\u00e9rtesacsa\/Atscha im Schildgebirge 1724\u20131800<\/td>\n<\/tr>\n<tr>\n<td width=\"99%\"><strong>V\u00e9rtesbogl\u00e1r\/Boglar<\/strong>, Fej\u00e9r megye\/Komitat Wei\u00dfenburg: 1760 erfolgte die Ansiedlung der Deutschen durch die Esterh\u00e1zys. Literatur: Stader, Stefan: Familienbuch der katholischen Pfarrgemeinde V\u00e9rtesbog\u00e1r\/Boglar im Schildgebirge 1761\u20131821\/31; Tafferner, Anton: V\u00e9rtesbogl\u00e1r\/Boglar \u2013 Beschreibung einer heimischen deutschen Siedlung, Budapest, 1941<\/td>\n<\/tr>\n<tr>\n<td width=\"99%\"><strong>V\u00e9rteskozma\/Kosmau<\/strong>, Fej\u00e9r megye\/Komitat Wei\u00dfenburg; Ansiedlung der katholischen Deutschen durch die Esterh\u00e1zys 1739;&nbsp; Literatur: Stefan Stader, Peter Tarnai u. Anna Hundeshagen: Familienbuch der katholischen Pfarrgemeinde Kosmau &#8211; Kozma &#8211; V\u00e9rteskozma im Schildgebirge in Ungarn 1747-1895 mit einer siedlungsgeschichtlichen Einleitung von Dr. Anton Tafferner. XXII und 346 Seiten, Sindelfingen 2001<\/td>\n<\/tr>\n<tr>\n<td width=\"99%\"><strong>V\u00e9rtessoml\u00f3\/Schemling<\/strong>, Kom\u00e1rom-Esztergom megye\/Komitat Komorn-Gran, Beginn der Ansiedlung durch die Gro\u00dfgrundbesitzer Familie Esterh\u00e1zy in Tata\/Totis 1733; Herkunftsgebiete: Bistum W\u00fcrzburg 20%, Bamberg 18%, Speyer\/Pfalz 10%, Mainz 6%, Trier 2%, Freiburg und Bayern je 4%, \u00d6sterreich 12%, Ungarn 6%, Tschechei\/M\u00e4hren 8%. Literatur: Siehe bei Agosty\u00e1n!<\/td>\n<\/tr>\n<tr>\n<td width=\"99%\"><strong>V\u00e9rtestolna\/Tolnau<\/strong>, Kom\u00e1rom-Esztergom megye\/Komitat Komorn-Gran, Beginn der Ansiedlung durch die Gro\u00dfgrundbesitzer Familie Esterh\u00e1zy in Tata\/Totis 1733; Herkunftsgebiete: Bistum Speyer 36%, Bistum Mainz 17%, Schwarzwald 14%, Bistum Bamberg 12%, Bistum W\u00fcrzburg und \u00d6sterreich je 5%, Rest aus verschiedenen deutschen Gebieten; Literatur: Siehe bei Agosty\u00e1n! Josef Engstner: Tolna\/V\u00e9rtestolna, Dorfchronik &#8230;, II. Auflage, Berlin, 1989;&nbsp;<a href=\"http:\/\/www.ungarndeutsche.de\/wp\/hu\/wp-content\/uploads\/sites\/2\/2018\/04\/Tobik-Dobin.pdf\">Tobin-Tobik-Familien<\/a>;&nbsp;<a href=\"http:\/\/www.ungarndeutsche.de\/wp\/hu\/wp-content\/uploads\/sites\/2\/2018\/04\/Dresel-Tressel_Stammliste-in-Tolnau.doc\">Die Dresels\/Tressels von Tolna (h. V\u00e9rtestolna)<\/a>; Herkunftsorte&nbsp;<a href=\"http:\/\/www.ungarndeutsche.de\/wp\/hu\/eredetkutatas\/eredetkutatasi-cikkek\/bevandorlok-a-wuerzburgi-egyhazmegyebol\/\">der Tolnauer Deutschen<\/a>; Herkunftsorte&nbsp;<a href=\"http:\/\/www.ungarndeutsche.de\/wp\/hu\/eredetkutatas\/eredetkutatasi-cikkek\/bevandorlok-a-bambergi-egyhazmegyebol\/\">im dem Bistum Bamberg<\/a><\/td>\n<\/tr>\n<tr>\n<td width=\"99%\"><strong>Visegr\u00e1d\/Plintenburg<\/strong>,&nbsp; Pest megye\/Komitat Pesth, Johann Harder kam 1700 als erster deutscher Siedler aus Bohlingen\/Baden; eine gr\u00f6\u00dfere Gruppe kam aus Blindheim, Berghausen und Deisenhofen bei H\u00f6chst\u00e4dt in Oberschwaben; nach 1700 trafen nach und nach folgende Familien ein: Apfel, Dietrich, Enderle, Fr\u00f6hlich,&nbsp; Gerstmayer, Hainisch, Hitzlberger, Kaisinger, Lamour, Lenner, Marx, Mayer, Miller, Moor, Muckstadt, Niedermiller, Rauch, Rechtaller, Rothmund, Scheili, Schilk, Schmidt, Schubauer, Schartz, Traub, Traxler, Vogel, Welwietzer; Quelle: Einsiedler des Donauknies im 18. Jahrhundert von Michael Fellegi (Flamich) und Sebesty\u00e9nn\u00e9 Wiesner Vikt\u00f3ria, in: Deutscher Kalender 2006, S. 232\u2013239;&nbsp;<a href=\"http:\/\/www.ungarndeutsche.de\/wp\/hu\/wp-content\/uploads\/sites\/2\/2018\/04\/Donauknie_Karte.doc\">Karte&nbsp;<\/a>der deutschen Siedlungen am Donauknie und Umgebung; L\u00e1sd m\u00e9g az irodalmat&nbsp;<a href=\"http:\/\/www.ungarndeutsche.de\/wp\/hu\/koezsegek\/nagymaros-grossmarosch\/\">Nagymarosn\u00e1l<\/a>!<\/td>\n<\/tr>\n<tr>\n<td width=\"99%\"><strong>V\u00f6r\u00f6st\u00f3\/Wereschtul<\/strong>, Veszpr\u00e9m megye\/Komitat Wesprim, mit Auswanderern aus Krumbach (im bayerischen Schwaben) \u2013 angeworben durch die Familie Zichy \u2013 im Jahre 1714 sind zwei D\u00f6rfer im Bakony-Gebirge gegr\u00fcndet worden (V\u00f6r\u00f6st\u00f3\/Wereschtul und Barnag\/Barnig).&nbsp;<\/td>\n<\/tr>\n<tr>\n<td width=\"99%\"><strong>Z\u00e1vod\/Sawed<\/strong>, Tolna megye\/Komitat Tolnau, Auszug aus:&nbsp;<a href=\"http:\/\/www.ungarndeutsche.de\/wp\/hu\/wp-content\/uploads\/sites\/2\/2018\/04\/Zavod_Buchauszug.doc\">Heimatbuch Z\u00e1vod in der Tolnau<\/a>, Herausgeber: Anton Mayer, 1990 mit genauen Angaben \u00fcber die Herkunftsorte ( z. T. auch Mucsi), Einsender: Konrad Faust; Das Heimatbuch ist leider nicht mehr zu haben!<\/td>\n<\/tr>\n<tr>\n<td width=\"99%\"><strong>Zomba\/Somba<\/strong>, Tolna megye\/Komitat Tolnau, Josef Antlfinger, Moselstr. 17, 65451 Kelsterbach, hat die Kirchenb\u00fccher der katholischen Pfarrei Zomba im Komitat Tolna verkartet und zum Download zur Verf\u00fcgung gestellt. Homepage des AKdFF:&nbsp;<a href=\"http:\/\/akdff.genealogy.net\/\">&gt;&gt;&gt;<\/a>, die neu herunterladbaren Inhalte befinden sich auf der Startseite unten rechts.&nbsp;<\/td>\n<\/tr>\n<tr>\n<td width=\"99%\"><strong>Zs\u00e1mb\u00e9k\/Schambek<\/strong>, Pest megye\/Komitat Pesth,Graf Peter Zichy siedelte von&nbsp;1712 auf 1713&nbsp;<a href=\"http:\/\/www.ungarndeutsche.de\/wp\/hu\/wp-content\/uploads\/sites\/2\/2018\/04\/Zsambek-Schambek_erste-Einwanderer.doc\">die ersten Deutschen&nbsp;<\/a>aus Oberschwaben &#8211; \u00fcberwiegend aus der Biberacher Gegend &#8211; an. 1723-1724 kamen die fr\u00e4nkischen Ansiedler&nbsp;und schlie\u00dflich 1725-1728 j\u00fcdische Kaufleute aus B\u00f6hmen und M\u00e4hren. Literatur: Jelli, Martin A. (Hrsg.): Schambek\/Zs\u00e1mb\u00e9k, Bd. II, 316 S., Stuttgart, 1988, Bd. III, 290 S., Stuttgart, 1992; Anfang 2002 erscheint das Ortssippenbuch von Schambek von Johann Gallina. Es enth\u00e4lt \u2013 alphabetisch aufgelistet \u2013 alle Familien mit s\u00e4mtlichen Mitgliedern von 1717 bis 1946. Zu bestellen: J. Gallina, Ostpreu\u00dfenstra\u00dfe 5, D\u201389542 Herbrechtingen.&nbsp;<\/td>\n<\/tr>\n<tr>\n<td width=\"99%\"><strong>Zselic\/Schelitz<\/strong>; Landschaft s\u00fcdlich des Plattensees in den Komitaten Branau und Schomodj; Literatur: Karl Vargha, Zur Ansiedlung der Deutschen im Schelitz\/Zselic, in: Beitr\u00e4ge zur Volkskunde der Ungarndeutschen 1979, Bd. 2, S. 145\u2013158; Zitat: &#8222;\u00dcber die Urheimat der Siedler sagen die Ouellen wenig. Deutsch-B\u00f6hmen kamen (aus dem Sudetengebiet) nach N\u00e9metlukafa, Beflehempuszta, aus dem deutsch-franz\u00f6sischen Grenzgebiet, aus dem Elsa\u00df, kamen die neuen Einwohner nach Somogyh\u00e1rs\u00e1gy, Szentl\u00e1szl\u00f3, Okorv\u00f6lgy, Sz\u00e1gy, Baranyaszentgy\u00f6rgy, die Deutschen von G\u00f6dre kamen aus Holics, Boldogasszonyfa wurde aus SW-Deutschland, aus dem Bezirk Willingen, Korp\u00e1d aus dem Herzogtum Baden besiedelt.<br \/>\nMehrere Ortschaften sind sekund\u00e4re Siedlungen. Ihre Einwohner kamen aus den \u00e4lteren deutschen D\u00f6rfern der Nachbarkomitate, manchmal kamen sie nicht aus einem Ort, oft auch zu verschiedenen Zeiten, d. h. in meheren Wellen. (Die Deutschen von Almamell\u00e9k begannen sich 1775 aus N\u00e9metlukafa usw. anzusiedeln.)&#8220;&nbsp;<a href=\"http:\/\/www.ungarndeutsche.de\/wp\/hu\/wp-content\/uploads\/sites\/2\/2018\/04\/Zselic_Karten.pdf\">Deutsche D\u00f6rfer im Schelitz<\/a><\/td>\n<\/tr>\n<tr>\n<td width=\"99%\">Alle Angaben dieser Seite sind urheberrechtlich gesch\u00fctzt! Ver\u00f6ffentlichung nur mit Genehmigung des Autors. \u00a9 2000, 2008<\/td>\n<\/tr>\n<tr>\n<td width=\"99%\">Weitere Quellen f\u00fcr die Herkunftsforschung:<br \/>\n\u2013 Arbeitskreis donauschw\u00e4bischer Familienforscher (AKdFF)<br \/>\nHP:&nbsp;<a href=\"http:\/\/www.akdff.de\/\">http:\/\/www.akdff.de<\/a><br \/>\n\u2013 Arbeitskreis ungarndeutscher Familienforscher (AKuFF) \/ Magyarorsz\u00e1gi N\u00e9metek Csal\u00e1dfakutat\u00f3 Egyes\u00fclete<br \/>\nObmann: Dr. Korn\u00e9l Pencz<br \/>\nH\u20136500 Baja, Pet\u00f5fi S. u. 56., Tel: +36\/79\/324-936, +36\/20\/32-66-397<br \/>\nSekret\u00e4r: Dr. G\u00e1bor Petz<br \/>\nH\u20136500 Baja, Zeng\u00f5 u. 13., Tel: +36\/79\/322-023, +36\/20\/450-24-99<br \/>\nHP:&nbsp;<a href=\"http:\/\/www.geocities.com\/akuff_hu\/\">www.geocities.com\/akuff_hu\/<\/a>&nbsp;<br \/>\n\u2013 Universit\u00e4tsbibliothek Heidelberg\u2013 Allgemeine und deutsche Genealogie (mit Auswanderung) &#8211; Personen. Adelsforschung. Personengruppen &#8211; Genealogie regional &#8211; Heraldik &#8211; N\u00fctzliche Hilfsmittel &#8211; Berufsgenealogen&nbsp;<a href=\"http:\/\/www.ub.uni-heidelberg.de\/helios\/fachinfo\/www\/gesch\/tipfam.htm#Genealogie\">http:\/\/www.ub.uni-heidelberg.de\/helios\/fachinfo\/www\/gesch\/tipfam.htm#Genealogie<\/a>\u2013 www.genealogienetz.de\/genealogy de.htmlhttp:\/\/boards.ancestry.com<br \/>\n\u2013 www.genealogia.lap.hu\u2013&nbsp;<a href=\"http:\/\/www.accessgenealogy.com\/\">http:\/\/www.accessgenealogy.com\/<\/a><\/p>\n<p>\u2013 Beck Karl: &#8222;Die Donauschwaben und Regensburg&#8220;- Regensburg &#8211; Sammelstelle der Auswanderer nach S-Europa und Russland und Salzburger Emigranten im 18. und fr\u00fchen 19. Jh., Ereignisse, Fremde und Durchwanderer in Regensburg,&nbsp;<br \/>\nBd.I: Regensburg &#8211; Sammelstelle der Auswanderer nach SO-Europa und Russland und Salzburger Emigranten im 18. und fr\u00fchen 19. Jh., Bd. II: Ereignisse, Fremde und Durchwanderer in Regensburg<\/p>\n<p>\u2013&nbsp;&nbsp;<a href=\"http:\/\/www.mcse.hu\/dag\/sb\/3\/sb.html\">www.mcse.hu\/dag\/sb\/3\/sb.html<\/a>&nbsp;&#8211; 28k &#8211; Im Archiv &#8211; \u00c4hnliche Seiten<\/p>\n<p>\u2013&nbsp;&nbsp;Hacker, Werner: Auswanderungen aus Baden und dem Breisgau (Stuttgart und Aalen: Konrad Theiss Verlag, 1980). 743 S.<\/p>\n<p>\u2013&nbsp;&nbsp;Hacker, Werner: Auswanderungen aus dem fr\u00fcheren Hochstift Speyer, Kaiserslautern 1969, 145 S., ca. 1.800 Auswanderernamen&nbsp;<\/p>\n<p>\u2013&nbsp;&nbsp;Hacker, Werner: Auswanderungen vom Oberen Neckar, M\u00fcnchen 1970, 246 S., 3.103 Auswanderernamen&nbsp;<\/p>\n<p>\u2013&nbsp;&nbsp;Hacker, Werner: Auswanderungen aus dem s\u00fcd\u00f6stlichen Schwarzwald, M\u00fcnchen 1975, 392 S., 3.825 Auswanderernamen&nbsp;<\/p>\n<p>\u2013&nbsp;Hacker, Werner: Auswanderungen aus dem n\u00f6rdlichen Bodenseeraum, Singen 1975, 401 S., 3.394 Auswanderernamen&nbsp;<br \/>\n\u2013&nbsp;Hacker, Werner: Kurpf\u00e4lzische Auswanderer vom Unteren Neckar, Stuttgart 1983, 208 S., 2.231 Auswanderernamen&nbsp;<br \/>\n\u2013&nbsp;Hacker, Werner:Auswanderung aus dem Territorium der Reichsstadt Ulm, in: Ulm und Oberschwaben 42\/43 (1978)<br \/>\n\u2013&nbsp;Hacker, Werner:Auswanderungen aus dem Raum der sp\u00e4teren Hohenzollerischen Lande nach S\u00fcdosteuropa im 17. und 18. Jh. Dokumentation in: ZHG 5, 1969, S. 45 &#8230;<br \/>\n\u2013&nbsp;Hacker, Werner:Auswanderungen aus Rheinpfalz und Saarland im 18. Jahrhundert, Stuttgart. Konrad Theiss, 1987, 301 S.<\/p>\n<p>\u2013&nbsp;&nbsp;Hacker, Werner: Kurpf\u00e4lzische Auswanderer vom Unteren Neckar in 18. Jahrhundert, rechtsrheinischer Teil<\/p>\n<p>\u2013 Deutsche Genealogie: Donauschwaben Bibliographie: die Wiener Listen, die Schlafkreuzerrechnungen, Ortsmonographien, Kirchenb\u00fccher,Ver\u00f6ffentlichungen von Werner Hacker und viele andere Quellen ausgewertet.<br \/>\n\u2013 www.dvhh.org\/mainex.htm\/: Main Exchange \/ Donauschwaben Heritage<br \/>\n\u2013 Literatur von Ferdinand Hengl zur Herkunftsforschung in Ungarn<br \/>\n\u2013 Pfrenzinger, Alfons: Die mainfr\u00e4nkische Auswanderung nach Ungarn und den \u00f6sterreichischen Erblanden im 18. Jahrhundert, Wien 1941, Nachdruck Wilfried Melchior Verlag, Vaihingen\/Enz, 1984, 193 S.<br \/>\n\u2013 Reimann, Anton: Auswanderungen aus Hessischen Territorien nach S\u00fcdosteuropa im 18. und 19. Jh., AkdFF, 1986\u2013 Selig, Robert: R\u00e4utige Schafe und geizige Hirten, Studien zur Auswanderung aus dem Hochstift W\u00fcrzburg im 18.&nbsp;Jahrhundert und ihre Ursachen, W\u00fcrzburg, 1988 Ancestor research in the Eifel\/Germany: &lt;http:\/\/lists.rootsweb.com\/index\/intl\/DEU\/DEU-EIFEL.html&gt;<br \/>\nin this Mailing list are more than 100 &#8222;ancestor&#8217;s researchers&#8220; with active interest in genealogy in the area(field) the Eifel. Possibly the half of<br \/>\nthese ancestor&#8217;s researchers are descendants of earlier emigrants and today they live in the U.S.A.&nbsp;<br \/>\n\u2013 Ahnenforschung in der Eifel: http:\/\/lists.rootsweb.com\/index\/intl\/DEU\/DEU-EIFEL.html<br \/>\n\u2013 Stader, Stefan: Sammelwerk donauschw\u00e4bischer Kolonisten, Teil I. A-D, Sindelfingen 1997, Teil II. E-G, H-Kap, Bd.III; Kar-L, Bd. IV; M-O, Bd. V.Sindelfingen 1998, zusammen \u00fcber 17.000 Kolonistennamen mit Herkunfts- und Ansiedlungsorten<br \/>\n\u2013 Ahnenforschung-Banat: Unsere Ahnenforschungsdatei enth\u00e4lt den Inhalt der Kirchenb\u00fccher folgender Ortschaften im Banat (meist bis 1860): Bosowitsch, Dognatschka, Fatschet, Franzdorf, Karansebesch, K\u00f6nigsgnad, Mehadia, Moldowa, Orawitz, Orschowa, Reschitza, Ruskberg, Saska, Steierdorf-Anina, Tschiklowa-Montana. Wir k\u00f6nnen Auskunft \u00fcber Personen geben, die in diesen Orten registriert waren. Karl Fassbinder e-mail: karlfassbinder@hotmail.com<\/p>\n<p>\u2013 http:\/\/www.familie-untersteller.de\/Banat.htm&nbsp;<br \/>\n\u2013 Wolf, Johann: Hessische Zuwanderer in die Schw\u00e4bische T\u00fcrkei \u2013 Binnenwanderung in der Schw\u00e4bischen T\u00fcrkei, 185 S., Rockenhausen, 2004; Zu beziehen beim Autor, Friedhofstr. 18, 67806 Rockenhausen.Falls Sie zu obigen Titeln weitere Links suchen, die finden Sie bei www.google.de<br \/>\n\u2013&nbsp;<a href=\"http:\/\/www.ancestry.de\/\">www.ancestry.de<\/a>&nbsp;<\/p>\n<p>Adressen, \u00fcber die Sie Mikrofilme zur Ahnenforschung kaufen k\u00f6nnen:<br \/>\nwww.mol.gov.hu&nbsp;<br \/>\nhttp:\/\/gfs-austria.org&nbsp;<\/td>\n<\/tr>\n<\/tbody>\n<\/table>\n<p style=\"font-weight: 400;\">&nbsp;<\/p>\n<table style=\"font-weight: 400;\">\n<tbody>\n<tr>\n<td colspan=\"2\" width=\"336\">&nbsp;<img loading=\"lazy\" decoding=\"async\" class=\"alignnone size-full wp-image-42\" src=\"http:\/\/www.ungarndeutsche.de\/wp\/wp\/hu\/wp-content\/uploads\/sites\/2\/2018\/04\/2018\/04\/Denkmal1.jpg\" alt=\"\" width=\"200\" height=\"280\"><\/td>\n<td width=\"336\"><img loading=\"lazy\" decoding=\"async\" class=\"alignnone size-full wp-image-41\" src=\"http:\/\/www.ungarndeutsche.de\/wp\/wp\/hu\/wp-content\/uploads\/sites\/2\/2018\/04\/2018\/04\/Denkmal2.jpg\" alt=\"\" width=\"200\" height=\"298\">&nbsp;<\/td>\n<td colspan=\"2\" width=\"336\"><img loading=\"lazy\" decoding=\"async\" class=\"alignnone size-full wp-image-40\" src=\"http:\/\/www.ungarndeutsche.de\/wp\/wp\/hu\/wp-content\/uploads\/sites\/2\/2018\/04\/2018\/04\/denkmal3.jpg\" alt=\"\" width=\"250\" height=\"256\">&nbsp;<\/td>\n<\/tr>\n<tr>\n<td width=\"335\">Auswanderungsdenkmal der Donauschwaben in Ulm<\/td>\n<td colspan=\"3\" width=\"340\">Text an der rechten Seite des Denkmals<\/td>\n<td width=\"334\">Text an der R\u00fcckseite des Denkmals (Aufnahmen von Anton Tressel,10\/2000)<\/td>\n<\/tr>\n<\/tbody>\n<\/table>\n","protected":false},"excerpt":{"rendered":"<p>&nbsp; \u00dajharty\u00e1n\/Neuhartian, Hartian, Pest megye\/Komitat Pesth,&nbsp;Geschichte der Besiedlung von P\u00e9ter Scheiling&nbsp;(ungarisch) V\u00e1rosl\u00f5d\/Waschludt, Veszpr\u00e9m megye\/Komitat Wesprim, Um ca. 1725 siedelte der Bischof von Wesprim als Feudalherr Franken aus dem Kurf\u00fcrstentum Mainz an. In Pille \u2013 das bis 1762 nach Waschludt eingemeindet &hellip; <a href=\"http:\/\/www.ungarndeutsche.de\/wp\/hu\/eredetkutatas\/eretkutatas-falvankent-u-tol-z-ig\/\">Weiterlesen <span class=\"meta-nav\">&rarr;<\/span><\/a><\/p>\n","protected":false},"author":1,"featured_media":0,"parent":26,"menu_order":0,"comment_status":"closed","ping_status":"closed","template":"","meta":{"ngg_post_thumbnail":0,"footnotes":""},"class_list":["post-39","page","type-page","status-publish","hentry"],"_links":{"self":[{"href":"http:\/\/www.ungarndeutsche.de\/wp\/hu\/wp-json\/wp\/v2\/pages\/39","targetHints":{"allow":["GET"]}}],"collection":[{"href":"http:\/\/www.ungarndeutsche.de\/wp\/hu\/wp-json\/wp\/v2\/pages"}],"about":[{"href":"http:\/\/www.ungarndeutsche.de\/wp\/hu\/wp-json\/wp\/v2\/types\/page"}],"author":[{"embeddable":true,"href":"http:\/\/www.ungarndeutsche.de\/wp\/hu\/wp-json\/wp\/v2\/users\/1"}],"replies":[{"embeddable":true,"href":"http:\/\/www.ungarndeutsche.de\/wp\/hu\/wp-json\/wp\/v2\/comments?post=39"}],"version-history":[{"count":3,"href":"http:\/\/www.ungarndeutsche.de\/wp\/hu\/wp-json\/wp\/v2\/pages\/39\/revisions"}],"predecessor-version":[{"id":739,"href":"http:\/\/www.ungarndeutsche.de\/wp\/hu\/wp-json\/wp\/v2\/pages\/39\/revisions\/739"}],"up":[{"embeddable":true,"href":"http:\/\/www.ungarndeutsche.de\/wp\/hu\/wp-json\/wp\/v2\/pages\/26"}],"wp:attachment":[{"href":"http:\/\/www.ungarndeutsche.de\/wp\/hu\/wp-json\/wp\/v2\/media?parent=39"}],"curies":[{"name":"wp","href":"https:\/\/api.w.org\/{rel}","templated":true}]}}