{"id":27,"date":"2018-03-12T12:01:28","date_gmt":"2018-03-12T12:01:28","guid":{"rendered":"http:\/\/www.ungarndeutsche.de\/wp\/?page_id=27"},"modified":"2018-04-02T20:31:20","modified_gmt":"2018-04-02T20:31:20","slug":"ahnenforschung-nach-doerfern-von-u-bis-z","status":"publish","type":"page","link":"http:\/\/www.ungarndeutsche.de\/wp\/ahnenforschung\/ahnenforschung-nach-doerfern-von-u-bis-z\/","title":{"rendered":"Ahnenforschung nach D\u00f6rfern von U bis Z"},"content":{"rendered":"<h3>Ahnenforschung nach D\u00f6rfern von U bis Z<\/h3>\n<table style=\"font-weight: 400;\" width=\"374\">\n<tbody>\n<tr>\n<td width=\"99%\"><strong>\u00dajharty\u00e1n\/Neuhartian<\/strong>, Hartian, Pest megye\/Komitat Pesth,&nbsp;<a href=\"http:\/\/www.ungarndeutsche.de\/wp\/wp-content\/uploads\/2018\/03\/Ujhartyan_Geschichte_u.doc\">Geschichte der Besiedlung von P\u00e9ter Scheiling<\/a>&nbsp;(ungarisch)<\/td>\n<\/tr>\n<tr>\n<td width=\"99%\"><strong>V\u00e1rosl\u00f5d\/Waschludt<\/strong><\/p>\n<p>, Veszpr\u00e9m megye\/Komitat Wesprim, Um ca. 1725 siedelte der Bischof von Wesprim als Feudalherr Franken aus dem Kurf\u00fcrstentum Mainz an. In Pille \u2013 das bis 1762 nach Waschludt eingemeindet wurde \u2013 hat man bayerische und b\u00f6hmische Glasmacher angesiedelt. Literatur: Deutsches Nationalit\u00e4ten Museum Waschludt, 37 S., 1988; Siehe auch den Artikel \u00fcber&nbsp;<a href=\"http:\/\/www.ungarndeutsche.de\/wp\/wp-content\/uploads\/2018\/03\/V\u00e1rosloed.doc\">Waschludt<\/a>!<\/p>\n<p>Dr. Michael Roth: V\u00e1rosl\u0151d kr\u00f3nik\u00e1ja 12.000 Ft<\/p>\n<p>Dr. Michael Roth: Das Familienbuch von V\u00e1rosl\u0151d im Bakony\/Buchenwald in Ungarn von Beginn bis Mitte 1896 Band I-II&nbsp;20.000 Ft<\/p>\n<p>Bestellung bei Dr. Michael Roth&nbsp;<a href=\"mailto:keramika@web.de\">keramika@web.de<\/a><\/td>\n<\/tr>\n<tr>\n<td width=\"99%\"><strong>Vars\u00e1d\/Waschad,<\/strong>&nbsp;Tolna megye\/Komitat Tolnau: Einwanderer aus Hessen&nbsp;<a href=\"http:\/\/www.hrastovac.net\/historical\/Hesse-Immigrants-to-Varsad.htm\">http:\/\/www.hrastovac.net\/historical\/Hesse-Immigrants-to-Varsad.htm<\/a>&nbsp;mitgeteilt von&nbsp;Schmidt, Rosina, 2007.<\/td>\n<\/tr>\n<tr>\n<td width=\"99%\"><strong>Vask\u00fat\/Waschkut<\/strong><\/p>\n<p>Literatur: Flach, Paul\/Paul, J.: Waschkut (Eisenbrunn) 1700-1875 (DB). M\u00fcnchen 1983; Reihe: Die Landsmannschaft der Deutschen aus Ungarn in Bayern e. V., Bd. 18; 736 S.; 319 Fam ST DB Leipzig (SA 16534 &#8211; 18);<\/p>\n<p>Stefan Rettig \u2013 Josef Skribanek \u2020 :&nbsp;Ortsfamilienbuch Vask\u00fat(Waschkut) Batschka \/ Ungarn 1772 \u2013 1947 2 B\u00e4nde; Bestellung bei AKuFF&nbsp;9.900 Ft + Versandkosten:&nbsp;<a href=\"mailto:kornelpencz@gmx.net\">kornelpencz@gmx.net<\/a>; In Deutschland durch AKdFF: 59 EUR (inkl. Versandkosten) :&nbsp;<a href=\"mailto:akdff@haus-donauschwaben.de\">akdff@haus-donauschwaben.de<\/a><\/td>\n<\/tr>\n<tr>\n<td width=\"99%\"><strong>Vecs\u00e9s\/Wetschesch<\/strong>, Pest megye\/Komitat Pesth, Mitte 2004 wird das Ortsfamilienbuch von Vecs\u00e9s 1786-1895 erscheinen. Autoren sind Anton Wirth und Johannes Neumayer. Es wird 950 umfassen und 60,00 Euro kosten. Mehr:&nbsp;<a href=\"mailto:akdff-sindelfingen@t-online.de\">akdff-sindelfingen@t-online.de<\/a>&nbsp;.<\/td>\n<\/tr>\n<tr>\n<td width=\"99%\"><strong>Versend\/Vrsenda\/Werschend<\/strong>, Komitat Baranya; Lit.: Ferdinand Hengl: Deutsche Kolonisten&#8230; , Karlsruhe 1989, Die deutschen Familien seit 1722; In Hengls Buch steht folgendes \u00fcber die Herkunft der Werschender Ansiedler: &#8222;Die Ureinwohner sind Kroaten, die Deutschen wurden aus den Nachbard\u00f6rfern angesiedelt.&#8220; (Mitgeteilt von Ilona Amrein, 7\/2001)<\/td>\n<\/tr>\n<tr>\n<td width=\"99%\"><strong>V\u00e9rtesacsa\/Atscha<\/strong>, Fej\u00e9r megye\/Komitat Wei\u00dfenburg: Literatur: Stader, Stefan: Familienbuch der katholischen Pfarrgemeinde V\u00e9rtesacsa\/Atscha im Schildgebirge 1724\u20131800<\/td>\n<\/tr>\n<tr>\n<td width=\"99%\"><strong>V\u00e9rtesbogl\u00e1r\/Boglar<\/strong>, Fej\u00e9r megye\/Komitat Wei\u00dfenburg: 1760 erfolgte die Ansiedlung der Deutschen durch die Esterh\u00e1zys. Literatur: Stader, Stefan: Familienbuch der katholischen Pfarrgemeinde V\u00e9rtesbog\u00e1r\/Boglar im Schildgebirge 1761\u20131821\/31; Tafferner, Anton: V\u00e9rtesbogl\u00e1r\/Boglar \u2013 Beschreibung einer heimischen deutschen Siedlung, Budapest, 1941<\/td>\n<\/tr>\n<tr>\n<td width=\"99%\"><strong>V\u00e9rteskozma\/Kosmau<\/strong>, Fej\u00e9r megye\/Komitat Wei\u00dfenburg; Ansiedlung der katholischen Deutschen durch die Esterh\u00e1zys 1739;&nbsp; Literatur: Stefan Stader, Peter Tarnai u. Anna Hundeshagen: Familienbuch der katholischen Pfarrgemeinde Kosmau &#8211; Kozma &#8211; V\u00e9rteskozma im Schildgebirge in Ungarn 1747-1895 mit einer siedlungsgeschichtlichen Einleitung von Dr. Anton Tafferner. XXII und 346 Seiten, Sindelfingen 2001<\/td>\n<\/tr>\n<tr>\n<td width=\"99%\"><strong>V\u00e9rtessoml\u00f3\/Schemling<\/strong>, Kom\u00e1rom-Esztergom megye\/Komitat Komorn-Gran, Beginn der Ansiedlung durch die Gro\u00dfgrundbesitzer Familie Esterh\u00e1zy in Tata\/Totis 1733; Herkunftsgebiete: Bistum W\u00fcrzburg 20%, Bamberg 18%, Speyer\/Pfalz 10%, Mainz 6%, Trier 2%, Freiburg und Bayern je 4%, \u00d6sterreich 12%, Ungarn 6%, Tschechei\/M\u00e4hren 8%. Literatur: Siehe bei Agosty\u00e1n!<\/td>\n<\/tr>\n<tr>\n<td width=\"99%\"><strong>V\u00e9rtestolna\/Tolnau<\/strong><\/p>\n<p>, Kom\u00e1rom-Esztergom megye\/Komitat Komorn-Gran, Beginn der Ansiedlung durch die Gro\u00dfgrundbesitzer Familie Esterh\u00e1zy in Tata\/Totis 1733; Herkunftsgebiete: Bistum Speyer 36%, Bistum Mainz 17%, Schwarzwald 14%, Bistum Bamberg 12%, Bistum W\u00fcrzburg und \u00d6sterreich je 5%, Rest aus verschiedenen deutschen Gebieten; Literatur: Siehe bei Agosty\u00e1n! Josef Engstner: Tolna\/V\u00e9rtestolna, Dorfchronik &#8230;, II. Auflage, Berlin, 1989;&nbsp;<a href=\"http:\/\/www.ungarndeutsche.de\/wp\/wp-content\/uploads\/2018\/03\/Tobik-Dobin.pdf\">Tobin-Tobik-Familien<\/a>;&nbsp;<a href=\"http:\/\/www.ungarndeutsche.de\/wp\/wp-content\/uploads\/2018\/03\/Dresel-Tressel_Stammliste-in-Tolnau.doc\">Die Dresels\/Tressels von Tolna (h. V\u00e9rtestolna)<\/a>; Herkunftsorte&nbsp;<a href=\"http:\/\/www.ungarndeutsche.de\/wp\/ahnenforschung\/ahnenforschungs-artikel\/auswanderer-aus-dem-bistum-wuerzburg\/\">der Tolnauer Deutschen<\/a>; Herkunftsorte&nbsp;<a href=\"http:\/\/www.ungarndeutsche.de\/wp\/ahnenforschung\/ahnenforschungs-artikel\/einwanderer-aus-dem-bistum-bamberg\/\">im dem Bistum Bamberg<\/a><\/td>\n<\/tr>\n<tr>\n<td width=\"99%\"><strong>Visegr\u00e1d\/Plintenburg<\/strong>,&nbsp; Pest megye\/Komitat Pesth, Johann Harder kam 1700 als erster deutscher Siedler aus Bohlingen\/Baden; eine gr\u00f6\u00dfere Gruppe kam aus Blindheim, Berghausen und Deisenhofen bei H\u00f6chst\u00e4dt in Oberschwaben; nach 1700 trafen nach und nach folgende Familien ein: Apfel, Dietrich, Enderle, Fr\u00f6hlich,&nbsp; Gerstmayer, Hainisch, Hitzlberger, Kaisinger, Lamour, Lenner, Marx, Mayer, Miller, Moor, Muckstadt, Niedermiller, Rauch, Rechtaller, Rothmund, Scheili, Schilk, Schmidt, Schubauer, Schartz, Traub, Traxler, Vogel, Welwietzer; Quelle: Einsiedler des Donauknies im 18. Jahrhundert von Michael Fellegi (Flamich) und Sebesty\u00e9nn\u00e9 Wiesner Vikt\u00f3ria, in: Deutscher Kalender 2006, S. 232\u2013239;&nbsp;<a href=\"http:\/\/www.ungarndeutsche.de\/wp\/wp-content\/uploads\/2018\/03\/Donauknie_Karte.pdf\">Karte&nbsp;<\/a>der deutschen Siedlungen am Donauknie und Umgebung<\/td>\n<\/tr>\n<tr>\n<td width=\"99%\"><strong>V\u00f6r\u00f6st\u00f3\/Wereschtul<\/strong>, Veszpr\u00e9m megye\/Komitat Wesprim, mit Auswanderern aus Krumbach (im bayerischen Schwaben) \u2013 angeworben durch die Familie Zichy \u2013 im Jahre 1714 sind zwei D\u00f6rfer im Bakony-Gebirge gegr\u00fcndet worden (V\u00f6r\u00f6st\u00f3\/Wereschtul und Barnag\/Barnig).<\/td>\n<\/tr>\n<tr>\n<td width=\"99%\"><strong>Z\u00e1vod\/Sawed<\/strong>, Tolna megye\/Komitat Tolnau, Auszug aus:&nbsp;<a href=\"http:\/\/www.ungarndeutsche.de\/wp\/wp-content\/uploads\/2018\/03\/Zavod_Buchauszug.doc\">Heimatbuch Z\u00e1vod in der Tolnau<\/a>, Herausgeber: Anton Mayer, 1990 mit genauen Angaben \u00fcber die Herkunftsorte ( z. T. auch Mucsi), Einsender: Konrad Faust; Das Heimatbuch ist leider nicht mehr zu haben!<\/td>\n<\/tr>\n<tr>\n<td width=\"99%\"><strong>Zomba\/Somba<\/strong>, Tolna megye\/Komitat Tolnau,Josef Antlfinger, Moselstr. 17, 65451 Kelsterbach, hat die Kirchenb\u00fccher der katholischen Pfarrei Zomba im Komitat Tolna verkartet und zum Download zur Verf\u00fcgung gestellt. Homepage des AKdFF:&nbsp;<a href=\"http:\/\/akdff.genealogy.net\/\">http:\/\/akdff.genealogy.net<\/a>&nbsp;, die neu herunterladbaren Inhalte befinden sich auf der Startseite unten rechts.<\/td>\n<\/tr>\n<tr>\n<td width=\"99%\"><strong>Zs\u00e1mb\u00e9k\/Schambek<\/strong>, Pest megye\/Komitat Pesth,Graf Peter Zichy siedelte von&nbsp;1712 auf 1713&nbsp;<a href=\"http:\/\/www.ungarndeutsche.de\/wp\/wp-content\/uploads\/2018\/03\/Zsambek-Schambek_erste-Einwanderer.doc\">die ersten Deutschen&nbsp;<\/a>aus Oberschwaben &#8211; \u00fcberwiegend aus der Biberacher Gegend &#8211; an. 1723-1724 kamen die fr\u00e4nkischen Ansiedler&nbsp;und schlie\u00dflich 1725-1728 j\u00fcdische Kaufleute aus B\u00f6hmen und M\u00e4hren. Literatur: Jelli, Martin A. (Hrsg.): Schambek\/Zs\u00e1mb\u00e9k, Bd. II, 316 S., Stuttgart, 1988, Bd. III, 290 S., Stuttgart, 1992; Anfang 2002 erscheint das Ortssippenbuch von Schambek von Johann Gallina. Es enth\u00e4lt \u2013 alphabetisch aufgelistet \u2013 alle Familien mit s\u00e4mtlichen Mitgliedern von 1717 bis 1946. Zu bestellen: J. Gallina, Ostpreu\u00dfenstra\u00dfe 5, D\u201389542 Herbrechtingen.<\/td>\n<\/tr>\n<tr>\n<td width=\"99%\"><strong>Zselic\/Schelitz<\/strong>; Landschaft s\u00fcdlich des Plattensees in den Komitaten Branau und Schomodj; Literatur: Karl Vargha, Zur Ansiedlung der Deutschen im Schelitz\/Zselic, in: Beitr\u00e4ge zur Volkskunde der Ungarndeutschen 1979, Bd. 2, S. 145\u2013158; Zitat: &#8222;\u00dcber die Urheimat der Siedler sagen die Ouellen wenig. Deutsch-B\u00f6hmen kamen (aus dem Sudetengebiet) nach N\u00e9metlukafa, Beflehempuszta, aus dem deutsch-franz\u00f6sischen Grenzgebiet, aus dem Elsa\u00df, kamen die neuen Einwohner nach Somogyh\u00e1rs\u00e1gy, Szentl\u00e1szl\u00f3, Okorv\u00f6lgy, Sz\u00e1gy, Baranyaszentgy\u00f6rgy, die Deutschen von G\u00f6dre kamen aus Holics, Boldogasszonyfa wurde aus SW-Deutschland, aus dem Bezirk Willingen, Korp\u00e1d aus dem Herzogtum Baden besiedelt.<br \/>\nMehrere Ortschaften sind sekund\u00e4re Siedlungen. Ihre Einwohner kamen aus den \u00e4lteren deutschen D\u00f6rfern der Nachbarkomitate, manchmal kamen sie nicht aus einem Ort, oft auch zu verschiedenen Zeiten, d. h. in meheren Wellen. (Die Deutschen von Almamell\u00e9k begannen sich 1775 aus N\u00e9metlukafa usw. anzusiedeln.)&#8220;&nbsp;<a href=\"http:\/\/www.ungarndeutsche.de\/wp\/wp-content\/uploads\/2018\/03\/Zselic_Karten.pdf\">Deutsche D\u00f6rfer im Schelitz<\/a><\/td>\n<\/tr>\n<tr>\n<td width=\"99%\">&nbsp;<\/td>\n<\/tr>\n<tr>\n<td width=\"99%\">&nbsp;<\/td>\n<\/tr>\n<\/tbody>\n<\/table>\n","protected":false},"excerpt":{"rendered":"<p>Ahnenforschung nach D\u00f6rfern von U bis Z \u00dajharty\u00e1n\/Neuhartian, Hartian, Pest megye\/Komitat Pesth,&nbsp;Geschichte der Besiedlung von P\u00e9ter Scheiling&nbsp;(ungarisch) V\u00e1rosl\u00f5d\/Waschludt , Veszpr\u00e9m megye\/Komitat Wesprim, Um ca. 1725 siedelte der Bischof von Wesprim als Feudalherr Franken aus dem Kurf\u00fcrstentum Mainz an. In Pille &hellip; <a href=\"http:\/\/www.ungarndeutsche.de\/wp\/ahnenforschung\/ahnenforschung-nach-doerfern-von-u-bis-z\/\">Weiterlesen <span class=\"meta-nav\">&rarr;<\/span><\/a><\/p>\n","protected":false},"author":1,"featured_media":0,"parent":17,"menu_order":0,"comment_status":"closed","ping_status":"closed","template":"","meta":{"ngg_post_thumbnail":0,"footnotes":""},"class_list":["post-27","page","type-page","status-publish","hentry"],"_links":{"self":[{"href":"http:\/\/www.ungarndeutsche.de\/wp\/wp-json\/wp\/v2\/pages\/27","targetHints":{"allow":["GET"]}}],"collection":[{"href":"http:\/\/www.ungarndeutsche.de\/wp\/wp-json\/wp\/v2\/pages"}],"about":[{"href":"http:\/\/www.ungarndeutsche.de\/wp\/wp-json\/wp\/v2\/types\/page"}],"author":[{"embeddable":true,"href":"http:\/\/www.ungarndeutsche.de\/wp\/wp-json\/wp\/v2\/users\/1"}],"replies":[{"embeddable":true,"href":"http:\/\/www.ungarndeutsche.de\/wp\/wp-json\/wp\/v2\/comments?post=27"}],"version-history":[{"count":4,"href":"http:\/\/www.ungarndeutsche.de\/wp\/wp-json\/wp\/v2\/pages\/27\/revisions"}],"predecessor-version":[{"id":922,"href":"http:\/\/www.ungarndeutsche.de\/wp\/wp-json\/wp\/v2\/pages\/27\/revisions\/922"}],"up":[{"embeddable":true,"href":"http:\/\/www.ungarndeutsche.de\/wp\/wp-json\/wp\/v2\/pages\/17"}],"wp:attachment":[{"href":"http:\/\/www.ungarndeutsche.de\/wp\/wp-json\/wp\/v2\/media?parent=27"}],"curies":[{"name":"wp","href":"https:\/\/api.w.org\/{rel}","templated":true}]}}